{"id":5220,"date":"2023-02-19T16:18:00","date_gmt":"2023-02-19T22:18:00","guid":{"rendered":"https:\/\/21panorama.com\/?page_id=5220"},"modified":"2023-11-13T16:28:34","modified_gmt":"2023-11-13T22:28:34","slug":"198-aniversario-de-la-ereccion-del-municipio-de-aculco","status":"publish","type":"page","link":"https:\/\/21panorama.com\/index.php\/198-aniversario-de-la-ereccion-del-municipio-de-aculco\/","title":{"rendered":"198\u00b0 ANIVERSARIO DE LA ERECCI\u00d3N DEL MUNICIPIO DE ACULCO"},"content":{"rendered":"\n<p><\/p>\n\n\n\n<p>En el marco de la Ceremonia Conmemorativa del \u201c198\u00b0 Aniversario de la Erecci\u00f3n del Municipio de Aculco\u201d y en compa\u00f1\u00eda del Honorable Cabildo, de autoridades estatales, federales, representantes de las comunidades, autoridades auxiliares y servidores p\u00fablicos, el Presidente Municipal, Jorge Alfredo Osornio Victoria, hizo entrega de preseas a los ciudadanos aculquenses destacados, que ponen en alto, el nombre de este municipio.<\/p>\n\n\n\n<p>Los mejores alumnos, profesores, deportistas y servidores p\u00fablicos fueron galardonados con preseas, por su excelente trayectoria en sus respectivos campos de desarrollo. Jorge Osornio resalt\u00f3 la importancia de mantener el contacto con los ciudadanos, poder conocer y atender las necesidades de la gente de las comunidades m\u00e1s alejadas. De esta forma, tambi\u00e9n mantiene un contacto cercano con las personas que sobresalen en la sociedad aculquense, y as\u00ed poder fomentar en los dem\u00e1s ciudadanos, que sigan esforz\u00e1ndose para lograr sus metas.<\/p>\n\n\n\n<p>Osornio record\u00f3 que el 19 de febrero de 1825 es una fecha hist\u00f3rica y agradeci\u00f3 por poder celebrar un a\u00f1o m\u00e1s del municipio. El alcalde deseo que cada aniversario de Aculco se festeje, con obras y acciones en beneficio de los ciudadanos de cada rinc\u00f3n aculquense, siempre trabajando y sirviendo por su bienestar.<\/p>\n\n\n\n<p>En la misma l\u00ednea, se inaugur\u00f3 la rehabilitaci\u00f3n del portal de la calle Iturbide, con la finalidad de preservar parte de la historia de este gran Municipio. El mantenimiento de las calles principales es importante debido a que son las que calles que transitan con m\u00e1s frecuencia, los turistas. Este d\u00eda tambi\u00e9n se celebr\u00f3 el d\u00eda del Delegado, motivo por el cual se reunieron Autoridades Auxiliares del Municipio y la presente administraci\u00f3n.<\/p>\n","protected":false},"excerpt":{"rendered":"<p>En el marco de la Ceremonia Conmemorativa del \u201c198\u00b0 Aniversario de la Erecci\u00f3n del Municipio de Aculco\u201d y en compa\u00f1\u00eda del Honorable Cabildo, de autoridades estatales, federales, representantes de las comunidades, autoridades auxiliares y servidores p\u00fablicos, el Presidente Municipal, Jorge Alfredo Osornio Victoria, hizo entrega de preseas a los ciudadanos aculquenses destacados, que ponen en alto, el nombre de este municipio. Los mejores alumnos, profesores, deportistas y servidores p\u00fablicos fueron galardonados con preseas, por su excelente trayectoria en sus respectivos campos de desarrollo. Jorge Osornio resalt\u00f3 la importancia de mantener&hellip;<\/p>\n","protected":false},"author":1,"featured_media":5221,"parent":0,"menu_order":0,"comment_status":"closed","ping_status":"closed","template":"","meta":{"footnotes":""},"class_list":["post-5220","page","type-page","status-publish","has-post-thumbnail","hentry"],"yoast_head":"<!-- This site is optimized with the Yoast SEO plugin v24.9 - https:\/\/yoast.com\/wordpress\/plugins\/seo\/ -->\n<title>198\u00b0 ANIVERSARIO DE LA ERECCI\u00d3N DEL MUNICIPIO DE ACULCO - 21 Panorama<\/title>\n<meta name=\"robots\" content=\"index, follow, max-snippet:-1, max-image-preview:large, max-video-preview:-1\" \/>\n<link rel=\"canonical\" href=\"https:\/\/21panorama.com\/index.php\/198-aniversario-de-la-ereccion-del-municipio-de-aculco\/\" \/>\n<meta property=\"og:locale\" content=\"es_MX\" \/>\n<meta property=\"og:type\" content=\"article\" \/>\n<meta property=\"og:title\" content=\"198\u00b0 ANIVERSARIO DE LA ERECCI\u00d3N DEL MUNICIPIO DE ACULCO - 21 Panorama\" \/>\n<meta property=\"og:description\" content=\"En el marco de la Ceremonia Conmemorativa del \u201c198\u00b0 Aniversario de la Erecci\u00f3n del Municipio de Aculco\u201d y en compa\u00f1\u00eda del Honorable Cabildo, de autoridades estatales, federales, representantes de las comunidades, autoridades auxiliares y servidores p\u00fablicos, el Presidente Municipal, Jorge Alfredo Osornio Victoria, hizo entrega de preseas a los ciudadanos aculquenses destacados, que ponen en alto, el nombre de este municipio. Los mejores alumnos, profesores, deportistas y servidores p\u00fablicos fueron galardonados con preseas, por su excelente trayectoria en sus respectivos campos de desarrollo. Jorge Osornio resalt\u00f3 la importancia de mantener&hellip;\" \/>\n<meta property=\"og:url\" content=\"https:\/\/21panorama.com\/index.php\/198-aniversario-de-la-ereccion-del-municipio-de-aculco\/\" \/>\n<meta property=\"og:site_name\" content=\"21 Panorama\" \/>\n<meta property=\"article:modified_time\" content=\"2023-11-13T22:28:34+00:00\" \/>\n<meta property=\"og:image\" content=\"https:\/\/21panorama.com\/wp-content\/uploads\/2023\/11\/WhatsApp-Image-2023-11-13-at-4.20.39-PM.jpeg\" \/>\n\t<meta property=\"og:image:width\" content=\"675\" \/>\n\t<meta property=\"og:image:height\" content=\"448\" \/>\n\t<meta property=\"og:image:type\" content=\"image\/jpeg\" \/>\n<meta name=\"twitter:card\" content=\"summary_large_image\" \/>\n<meta name=\"twitter:label1\" content=\"Tiempo de lectura\" \/>\n\t<meta name=\"twitter:data1\" content=\"2 minutos\" \/>\n<script type=\"application\/ld+json\" class=\"yoast-schema-graph\">{\"@context\":\"https:\/\/schema.org\",\"@graph\":[{\"@type\":\"WebPage\",\"@id\":\"https:\/\/21panorama.com\/index.php\/198-aniversario-de-la-ereccion-del-municipio-de-aculco\/\",\"url\":\"https:\/\/21panorama.com\/index.php\/198-aniversario-de-la-ereccion-del-municipio-de-aculco\/\",\"name\":\"198\u00b0 ANIVERSARIO DE LA ERECCI\u00d3N DEL MUNICIPIO DE ACULCO - 21 Panorama\",\"isPartOf\":{\"@id\":\"https:\/\/21panorama.com\/#website\"},\"primaryImageOfPage\":{\"@id\":\"https:\/\/21panorama.com\/index.php\/198-aniversario-de-la-ereccion-del-municipio-de-aculco\/#primaryimage\"},\"image\":{\"@id\":\"https:\/\/21panorama.com\/index.php\/198-aniversario-de-la-ereccion-del-municipio-de-aculco\/#primaryimage\"},\"thumbnailUrl\":\"https:\/\/21panorama.com\/wp-content\/uploads\/2023\/11\/WhatsApp-Image-2023-11-13-at-4.20.39-PM.jpeg\",\"datePublished\":\"2023-02-19T22:18:00+00:00\",\"dateModified\":\"2023-11-13T22:28:34+00:00\",\"breadcrumb\":{\"@id\":\"https:\/\/21panorama.com\/index.php\/198-aniversario-de-la-ereccion-del-municipio-de-aculco\/#breadcrumb\"},\"inLanguage\":\"es\",\"potentialAction\":[{\"@type\":\"ReadAction\",\"target\":[\"https:\/\/21panorama.com\/index.php\/198-aniversario-de-la-ereccion-del-municipio-de-aculco\/\"]}]},{\"@type\":\"ImageObject\",\"inLanguage\":\"es\",\"@id\":\"https:\/\/21panorama.com\/index.php\/198-aniversario-de-la-ereccion-del-municipio-de-aculco\/#primaryimage\",\"url\":\"https:\/\/21panorama.com\/wp-content\/uploads\/2023\/11\/WhatsApp-Image-2023-11-13-at-4.20.39-PM.jpeg\",\"contentUrl\":\"https:\/\/21panorama.com\/wp-content\/uploads\/2023\/11\/WhatsApp-Image-2023-11-13-at-4.20.39-PM.jpeg\",\"width\":675,\"height\":448},{\"@type\":\"BreadcrumbList\",\"@id\":\"https:\/\/21panorama.com\/index.php\/198-aniversario-de-la-ereccion-del-municipio-de-aculco\/#breadcrumb\",\"itemListElement\":[{\"@type\":\"ListItem\",\"position\":1,\"name\":\"Inicio\",\"item\":\"https:\/\/21panorama.com\/\"},{\"@type\":\"ListItem\",\"position\":2,\"name\":\"198\u00b0 ANIVERSARIO DE LA ERECCI\u00d3N DEL MUNICIPIO DE ACULCO\"}]},{\"@type\":\"WebSite\",\"@id\":\"https:\/\/21panorama.com\/#website\",\"url\":\"https:\/\/21panorama.com\/\",\"name\":\"21 Panorama\",\"description\":\"La construcci\u00f3n de la opini\u00f3n p\u00fablica merece un mejor Panorama en este siglo 21 para alcanzar una sociedad con mayor transparencia y sin corrupci\u00f3n.\",\"publisher\":{\"@id\":\"https:\/\/21panorama.com\/#organization\"},\"potentialAction\":[{\"@type\":\"SearchAction\",\"target\":{\"@type\":\"EntryPoint\",\"urlTemplate\":\"https:\/\/21panorama.com\/?s={search_term_string}\"},\"query-input\":{\"@type\":\"PropertyValueSpecification\",\"valueRequired\":true,\"valueName\":\"search_term_string\"}}],\"inLanguage\":\"es\"},{\"@type\":\"Organization\",\"@id\":\"https:\/\/21panorama.com\/#organization\",\"name\":\"21 Panorama\",\"url\":\"https:\/\/21panorama.com\/\",\"logo\":{\"@type\":\"ImageObject\",\"inLanguage\":\"es\",\"@id\":\"https:\/\/21panorama.com\/#\/schema\/logo\/image\/\",\"url\":\"https:\/\/21panorama.com\/wp-content\/uploads\/2019\/07\/cropped-Logo-Panorama-01.jpeg\",\"contentUrl\":\"https:\/\/21panorama.com\/wp-content\/uploads\/2019\/07\/cropped-Logo-Panorama-01.jpeg\",\"width\":290,\"height\":70,\"caption\":\"21 Panorama\"},\"image\":{\"@id\":\"https:\/\/21panorama.com\/#\/schema\/logo\/image\/\"}}]}<\/script>\n<!-- \/ Yoast SEO plugin. -->","yoast_head_json":{"title":"198\u00b0 ANIVERSARIO DE LA ERECCI\u00d3N DEL MUNICIPIO DE ACULCO - 21 Panorama","robots":{"index":"index","follow":"follow","max-snippet":"max-snippet:-1","max-image-preview":"max-image-preview:large","max-video-preview":"max-video-preview:-1"},"canonical":"https:\/\/21panorama.com\/index.php\/198-aniversario-de-la-ereccion-del-municipio-de-aculco\/","og_locale":"es_MX","og_type":"article","og_title":"198\u00b0 ANIVERSARIO DE LA ERECCI\u00d3N DEL MUNICIPIO DE ACULCO - 21 Panorama","og_description":"En el marco de la Ceremonia Conmemorativa del \u201c198\u00b0 Aniversario de la Erecci\u00f3n del Municipio de Aculco\u201d y en compa\u00f1\u00eda del Honorable Cabildo, de autoridades estatales, federales, representantes de las comunidades, autoridades auxiliares y servidores p\u00fablicos, el Presidente Municipal, Jorge Alfredo Osornio Victoria, hizo entrega de preseas a los ciudadanos aculquenses destacados, que ponen en alto, el nombre de este municipio. Los mejores alumnos, profesores, deportistas y servidores p\u00fablicos fueron galardonados con preseas, por su excelente trayectoria en sus respectivos campos de desarrollo. Jorge Osornio resalt\u00f3 la importancia de mantener&hellip;","og_url":"https:\/\/21panorama.com\/index.php\/198-aniversario-de-la-ereccion-del-municipio-de-aculco\/","og_site_name":"21 Panorama","article_modified_time":"2023-11-13T22:28:34+00:00","og_image":[{"width":675,"height":448,"url":"https:\/\/21panorama.com\/wp-content\/uploads\/2023\/11\/WhatsApp-Image-2023-11-13-at-4.20.39-PM.jpeg","type":"image\/jpeg"}],"twitter_card":"summary_large_image","twitter_misc":{"Tiempo de lectura":"2 minutos"},"schema":{"@context":"https:\/\/schema.org","@graph":[{"@type":"WebPage","@id":"https:\/\/21panorama.com\/index.php\/198-aniversario-de-la-ereccion-del-municipio-de-aculco\/","url":"https:\/\/21panorama.com\/index.php\/198-aniversario-de-la-ereccion-del-municipio-de-aculco\/","name":"198\u00b0 ANIVERSARIO DE LA ERECCI\u00d3N DEL MUNICIPIO DE ACULCO - 21 Panorama","isPartOf":{"@id":"https:\/\/21panorama.com\/#website"},"primaryImageOfPage":{"@id":"https:\/\/21panorama.com\/index.php\/198-aniversario-de-la-ereccion-del-municipio-de-aculco\/#primaryimage"},"image":{"@id":"https:\/\/21panorama.com\/index.php\/198-aniversario-de-la-ereccion-del-municipio-de-aculco\/#primaryimage"},"thumbnailUrl":"https:\/\/21panorama.com\/wp-content\/uploads\/2023\/11\/WhatsApp-Image-2023-11-13-at-4.20.39-PM.jpeg","datePublished":"2023-02-19T22:18:00+00:00","dateModified":"2023-11-13T22:28:34+00:00","breadcrumb":{"@id":"https:\/\/21panorama.com\/index.php\/198-aniversario-de-la-ereccion-del-municipio-de-aculco\/#breadcrumb"},"inLanguage":"es","potentialAction":[{"@type":"ReadAction","target":["https:\/\/21panorama.com\/index.php\/198-aniversario-de-la-ereccion-del-municipio-de-aculco\/"]}]},{"@type":"ImageObject","inLanguage":"es","@id":"https:\/\/21panorama.com\/index.php\/198-aniversario-de-la-ereccion-del-municipio-de-aculco\/#primaryimage","url":"https:\/\/21panorama.com\/wp-content\/uploads\/2023\/11\/WhatsApp-Image-2023-11-13-at-4.20.39-PM.jpeg","contentUrl":"https:\/\/21panorama.com\/wp-content\/uploads\/2023\/11\/WhatsApp-Image-2023-11-13-at-4.20.39-PM.jpeg","width":675,"height":448},{"@type":"BreadcrumbList","@id":"https:\/\/21panorama.com\/index.php\/198-aniversario-de-la-ereccion-del-municipio-de-aculco\/#breadcrumb","itemListElement":[{"@type":"ListItem","position":1,"name":"Inicio","item":"https:\/\/21panorama.com\/"},{"@type":"ListItem","position":2,"name":"198\u00b0 ANIVERSARIO DE LA ERECCI\u00d3N DEL MUNICIPIO DE ACULCO"}]},{"@type":"WebSite","@id":"https:\/\/21panorama.com\/#website","url":"https:\/\/21panorama.com\/","name":"21 Panorama","description":"La construcci\u00f3n de la opini\u00f3n p\u00fablica merece un mejor Panorama en este siglo 21 para alcanzar una sociedad con mayor transparencia y sin corrupci\u00f3n.","publisher":{"@id":"https:\/\/21panorama.com\/#organization"},"potentialAction":[{"@type":"SearchAction","target":{"@type":"EntryPoint","urlTemplate":"https:\/\/21panorama.com\/?s={search_term_string}"},"query-input":{"@type":"PropertyValueSpecification","valueRequired":true,"valueName":"search_term_string"}}],"inLanguage":"es"},{"@type":"Organization","@id":"https:\/\/21panorama.com\/#organization","name":"21 Panorama","url":"https:\/\/21panorama.com\/","logo":{"@type":"ImageObject","inLanguage":"es","@id":"https:\/\/21panorama.com\/#\/schema\/logo\/image\/","url":"https:\/\/21panorama.com\/wp-content\/uploads\/2019\/07\/cropped-Logo-Panorama-01.jpeg","contentUrl":"https:\/\/21panorama.com\/wp-content\/uploads\/2019\/07\/cropped-Logo-Panorama-01.jpeg","width":290,"height":70,"caption":"21 Panorama"},"image":{"@id":"https:\/\/21panorama.com\/#\/schema\/logo\/image\/"}}]}},"_links":{"self":[{"href":"https:\/\/21panorama.com\/index.php\/wp-json\/wp\/v2\/pages\/5220","targetHints":{"allow":["GET"]}}],"collection":[{"href":"https:\/\/21panorama.com\/index.php\/wp-json\/wp\/v2\/pages"}],"about":[{"href":"https:\/\/21panorama.com\/index.php\/wp-json\/wp\/v2\/types\/page"}],"author":[{"embeddable":true,"href":"https:\/\/21panorama.com\/index.php\/wp-json\/wp\/v2\/users\/1"}],"replies":[{"embeddable":true,"href":"https:\/\/21panorama.com\/index.php\/wp-json\/wp\/v2\/comments?post=5220"}],"version-history":[{"count":1,"href":"https:\/\/21panorama.com\/index.php\/wp-json\/wp\/v2\/pages\/5220\/revisions"}],"predecessor-version":[{"id":5223,"href":"https:\/\/21panorama.com\/index.php\/wp-json\/wp\/v2\/pages\/5220\/revisions\/5223"}],"wp:featuredmedia":[{"embeddable":true,"href":"https:\/\/21panorama.com\/index.php\/wp-json\/wp\/v2\/media\/5221"}],"wp:attachment":[{"href":"https:\/\/21panorama.com\/index.php\/wp-json\/wp\/v2\/media?parent=5220"}],"curies":[{"name":"wp","href":"https:\/\/api.w.org\/{rel}","templated":true}]}}