{"version":"1.0","provider_name":"21 Panorama","provider_url":"https:\/\/21panorama.com","author_name":"admin","author_url":"https:\/\/21panorama.com\/index.php\/author\/admin\/","title":"TR\u00c1GICO AUMENTO DE DESAPARICI\u00d3N DE PERSONAS EN EDOMEX - 21 Panorama","type":"rich","width":600,"height":338,"html":"<blockquote class=\"wp-embedded-content\" data-secret=\"ZbFqhfYHdh\"><a href=\"https:\/\/21panorama.com\/index.php\/2025\/05\/19\/tragico-aumento-de-desaparicion-de-personas-en-edomex\/\">TR\u00c1GICO AUMENTO DE DESAPARICI\u00d3N DE PERSONAS EN EDOMEX<\/a><\/blockquote><iframe sandbox=\"allow-scripts\" security=\"restricted\" src=\"https:\/\/21panorama.com\/index.php\/2025\/05\/19\/tragico-aumento-de-desaparicion-de-personas-en-edomex\/embed\/#?secret=ZbFqhfYHdh\" width=\"600\" height=\"338\" title=\"&#8220;TR\u00c1GICO AUMENTO DE DESAPARICI\u00d3N DE PERSONAS EN EDOMEX&#8221; &#8212; 21 Panorama\" data-secret=\"ZbFqhfYHdh\" frameborder=\"0\" marginwidth=\"0\" marginheight=\"0\" scrolling=\"no\" class=\"wp-embedded-content\"><\/iframe><script type=\"text\/javascript\">\n\/* <![CDATA[ *\/\n\/*! This file is auto-generated *\/\n!function(d,l){\"use strict\";l.querySelector&&d.addEventListener&&\"undefined\"!=typeof URL&&(d.wp=d.wp||{},d.wp.receiveEmbedMessage||(d.wp.receiveEmbedMessage=function(e){var t=e.data;if((t||t.secret||t.message||t.value)&&!\/[^a-zA-Z0-9]\/.test(t.secret)){for(var s,r,n,a=l.querySelectorAll('iframe[data-secret=\"'+t.secret+'\"]'),o=l.querySelectorAll('blockquote[data-secret=\"'+t.secret+'\"]'),c=new RegExp(\"^https?:$\",\"i\"),i=0;i<o.length;i++)o[i].style.display=\"none\";for(i=0;i<a.length;i++)s=a[i],e.source===s.contentWindow&&(s.removeAttribute(\"style\"),\"height\"===t.message?(1e3<(r=parseInt(t.value,10))?r=1e3:~~r<200&&(r=200),s.height=r):\"link\"===t.message&&(r=new URL(s.getAttribute(\"src\")),n=new URL(t.value),c.test(n.protocol))&&n.host===r.host&&l.activeElement===s&&(d.top.location.href=t.value))}},d.addEventListener(\"message\",d.wp.receiveEmbedMessage,!1),l.addEventListener(\"DOMContentLoaded\",function(){for(var e,t,s=l.querySelectorAll(\"iframe.wp-embedded-content\"),r=0;r<s.length;r++)(t=(e=s[r]).getAttribute(\"data-secret\"))||(t=Math.random().toString(36).substring(2,12),e.src+=\"#?secret=\"+t,e.setAttribute(\"data-secret\",t)),e.contentWindow.postMessage({message:\"ready\",secret:t},\"*\")},!1)))}(window,document);\n\/\/# sourceURL=https:\/\/21panorama.com\/wp-includes\/js\/wp-embed.min.js\n\/* ]]> *\/\n<\/script>\n","thumbnail_url":"https:\/\/21panorama.com\/wp-content\/uploads\/2025\/05\/WhatsApp-Image-2025-05-19-at-8.15.01-PM-1-scaled.jpeg","thumbnail_width":2560,"thumbnail_height":1706,"description":"Hay serios signos de alarma en la cifra de personas desaparecidas y no localizadas en el Estado de M\u00e9xico, tanto que en lo que va del a\u00f1o la entidad tiene el nada honroso primer lugar nacional en n\u00famero de casos, advirti\u00f3 la Senadora Cristina Ruiz Sandoval, presidenta del Comit\u00e9 Directivo Estatal del PRI."}