{"version":"1.0","provider_name":"21 Panorama","provider_url":"https:\/\/21panorama.com","author_name":"admin","author_url":"https:\/\/21panorama.com\/index.php\/author\/admin\/","title":"PRIMERA PLANA (Columna Pol\u00edtica) - 21 Panorama","type":"rich","width":600,"height":338,"html":"<blockquote class=\"wp-embedded-content\" data-secret=\"4A3uBXNqBH\"><a href=\"https:\/\/21panorama.com\/index.php\/2023\/09\/22\/primera-plana-columna-politica-2\/\">PRIMERA PLANA (Columna Pol\u00edtica)<\/a><\/blockquote><iframe sandbox=\"allow-scripts\" security=\"restricted\" src=\"https:\/\/21panorama.com\/index.php\/2023\/09\/22\/primera-plana-columna-politica-2\/embed\/#?secret=4A3uBXNqBH\" width=\"600\" height=\"338\" title=\"&#8220;PRIMERA PLANA (Columna Pol\u00edtica)&#8221; &#8212; 21 Panorama\" data-secret=\"4A3uBXNqBH\" frameborder=\"0\" marginwidth=\"0\" marginheight=\"0\" scrolling=\"no\" class=\"wp-embedded-content\"><\/iframe><script type=\"text\/javascript\">\n\/* <![CDATA[ *\/\n\/*! This file is auto-generated *\/\n!function(d,l){\"use strict\";l.querySelector&&d.addEventListener&&\"undefined\"!=typeof URL&&(d.wp=d.wp||{},d.wp.receiveEmbedMessage||(d.wp.receiveEmbedMessage=function(e){var t=e.data;if((t||t.secret||t.message||t.value)&&!\/[^a-zA-Z0-9]\/.test(t.secret)){for(var s,r,n,a=l.querySelectorAll('iframe[data-secret=\"'+t.secret+'\"]'),o=l.querySelectorAll('blockquote[data-secret=\"'+t.secret+'\"]'),c=new RegExp(\"^https?:$\",\"i\"),i=0;i<o.length;i++)o[i].style.display=\"none\";for(i=0;i<a.length;i++)s=a[i],e.source===s.contentWindow&&(s.removeAttribute(\"style\"),\"height\"===t.message?(1e3<(r=parseInt(t.value,10))?r=1e3:~~r<200&&(r=200),s.height=r):\"link\"===t.message&&(r=new URL(s.getAttribute(\"src\")),n=new URL(t.value),c.test(n.protocol))&&n.host===r.host&&l.activeElement===s&&(d.top.location.href=t.value))}},d.addEventListener(\"message\",d.wp.receiveEmbedMessage,!1),l.addEventListener(\"DOMContentLoaded\",function(){for(var e,t,s=l.querySelectorAll(\"iframe.wp-embedded-content\"),r=0;r<s.length;r++)(t=(e=s[r]).getAttribute(\"data-secret\"))||(t=Math.random().toString(36).substring(2,12),e.src+=\"#?secret=\"+t,e.setAttribute(\"data-secret\",t)),e.contentWindow.postMessage({message:\"ready\",secret:t},\"*\")},!1)))}(window,document);\n\/\/# sourceURL=https:\/\/21panorama.com\/wp-includes\/js\/wp-embed.min.js\n\/* ]]> *\/\n<\/script>\n","thumbnail_url":"https:\/\/21panorama.com\/wp-content\/uploads\/2023\/09\/Eric-Sevilla-220923-2.jpg","thumbnail_width":1329,"thumbnail_height":1600,"description":"En el PRI del Estado de M\u00e9xico est\u00e1n pasando cosas y se est\u00e1n modificando las formas de hacer pol\u00edtica ante la desvanecida figura del primer pri\u00edsta. Con la habilidad de darle r\u00e1pida lectura a la nueva realidad del partido, su l\u00edder Eric Sevilla apresur\u00f3 el paso para asegurar el consenso de todos los liderazgos del priismo mexiquense y bajo la atenta mirada del Comit\u00e9 Ejecutivo Nacional de Alito Moreno."}