{"version":"1.0","provider_name":"21 Panorama","provider_url":"https:\/\/21panorama.com","author_name":"admin","author_url":"https:\/\/21panorama.com\/index.php\/author\/admin\/","title":"DETECTAN C\u00c9LULA DELICTIVA INTEGRADA POR POLIC\u00cdAS - 21 Panorama","type":"rich","width":600,"height":338,"html":"<blockquote class=\"wp-embedded-content\" data-secret=\"0syQpYwwfQ\"><a href=\"https:\/\/21panorama.com\/index.php\/2022\/07\/18\/detectan-celula-delictiva-integrada-por-polcias\/\">DETECTAN C\u00c9LULA DELICTIVA INTEGRADA POR POLIC\u00cdAS<\/a><\/blockquote><iframe sandbox=\"allow-scripts\" security=\"restricted\" src=\"https:\/\/21panorama.com\/index.php\/2022\/07\/18\/detectan-celula-delictiva-integrada-por-polcias\/embed\/#?secret=0syQpYwwfQ\" width=\"600\" height=\"338\" title=\"&#8220;DETECTAN C\u00c9LULA DELICTIVA INTEGRADA POR POLIC\u00cdAS&#8221; &#8212; 21 Panorama\" data-secret=\"0syQpYwwfQ\" frameborder=\"0\" marginwidth=\"0\" marginheight=\"0\" scrolling=\"no\" class=\"wp-embedded-content\"><\/iframe><script type=\"text\/javascript\">\n\/* <![CDATA[ *\/\n\/*! This file is auto-generated *\/\n!function(d,l){\"use strict\";l.querySelector&&d.addEventListener&&\"undefined\"!=typeof URL&&(d.wp=d.wp||{},d.wp.receiveEmbedMessage||(d.wp.receiveEmbedMessage=function(e){var t=e.data;if((t||t.secret||t.message||t.value)&&!\/[^a-zA-Z0-9]\/.test(t.secret)){for(var s,r,n,a=l.querySelectorAll('iframe[data-secret=\"'+t.secret+'\"]'),o=l.querySelectorAll('blockquote[data-secret=\"'+t.secret+'\"]'),c=new RegExp(\"^https?:$\",\"i\"),i=0;i<o.length;i++)o[i].style.display=\"none\";for(i=0;i<a.length;i++)s=a[i],e.source===s.contentWindow&&(s.removeAttribute(\"style\"),\"height\"===t.message?(1e3<(r=parseInt(t.value,10))?r=1e3:~~r<200&&(r=200),s.height=r):\"link\"===t.message&&(r=new URL(s.getAttribute(\"src\")),n=new URL(t.value),c.test(n.protocol))&&n.host===r.host&&l.activeElement===s&&(d.top.location.href=t.value))}},d.addEventListener(\"message\",d.wp.receiveEmbedMessage,!1),l.addEventListener(\"DOMContentLoaded\",function(){for(var e,t,s=l.querySelectorAll(\"iframe.wp-embedded-content\"),r=0;r<s.length;r++)(t=(e=s[r]).getAttribute(\"data-secret\"))||(t=Math.random().toString(36).substring(2,12),e.src+=\"#?secret=\"+t,e.setAttribute(\"data-secret\",t)),e.contentWindow.postMessage({message:\"ready\",secret:t},\"*\")},!1)))}(window,document);\n\/\/# sourceURL=https:\/\/21panorama.com\/wp-includes\/js\/wp-embed.min.js\n\/* ]]> *\/\n<\/script>\n","thumbnail_url":"https:\/\/21panorama.com\/wp-content\/uploads\/2022\/07\/Celula-delictiva-170722-3.jpg","thumbnail_width":965,"thumbnail_height":1024,"description":"Investigados por su probable participaci\u00f3n en los delitos de secuestro expr\u00e9s y extorsi\u00f3n, entre otros, la Fiscal\u00eda General de Justicia del Estado de M\u00e9xico (FGJEM), obtuvo una orden de aprehensi\u00f3n en contra de cinco polic\u00edas de investigaci\u00f3n de esta Instituci\u00f3n, as\u00ed como de cuatro elementos de la Secretar\u00eda de Seguridad estatal y otra orden en contra de 4 integrantes de la Fiscal\u00eda."}