{"version":"1.0","provider_name":"21 Panorama","provider_url":"https:\/\/21panorama.com","author_name":"admin","author_url":"https:\/\/21panorama.com\/index.php\/author\/admin\/","title":"ATESTIGUA GUSTAVO C\u00c1RDENAS REAPERTURA DE CL\u00cdNICA IMSS - 21 Panorama","type":"rich","width":600,"height":338,"html":"<blockquote class=\"wp-embedded-content\" data-secret=\"xc6kWgEUUy\"><a href=\"https:\/\/21panorama.com\/index.php\/2022\/06\/21\/atestigua-gustavo-cardenas-reapertura-de-clinica-imss\/\">ATESTIGUA GUSTAVO C\u00c1RDENAS REAPERTURA DE CL\u00cdNICA IMSS<\/a><\/blockquote><iframe sandbox=\"allow-scripts\" security=\"restricted\" src=\"https:\/\/21panorama.com\/index.php\/2022\/06\/21\/atestigua-gustavo-cardenas-reapertura-de-clinica-imss\/embed\/#?secret=xc6kWgEUUy\" width=\"600\" height=\"338\" title=\"&#8220;ATESTIGUA GUSTAVO C\u00c1RDENAS REAPERTURA DE CL\u00cdNICA IMSS&#8221; &#8212; 21 Panorama\" data-secret=\"xc6kWgEUUy\" frameborder=\"0\" marginwidth=\"0\" marginheight=\"0\" scrolling=\"no\" class=\"wp-embedded-content\"><\/iframe><script type=\"text\/javascript\">\n\/* <![CDATA[ *\/\n\/*! This file is auto-generated *\/\n!function(d,l){\"use strict\";l.querySelector&&d.addEventListener&&\"undefined\"!=typeof URL&&(d.wp=d.wp||{},d.wp.receiveEmbedMessage||(d.wp.receiveEmbedMessage=function(e){var t=e.data;if((t||t.secret||t.message||t.value)&&!\/[^a-zA-Z0-9]\/.test(t.secret)){for(var s,r,n,a=l.querySelectorAll('iframe[data-secret=\"'+t.secret+'\"]'),o=l.querySelectorAll('blockquote[data-secret=\"'+t.secret+'\"]'),c=new RegExp(\"^https?:$\",\"i\"),i=0;i<o.length;i++)o[i].style.display=\"none\";for(i=0;i<a.length;i++)s=a[i],e.source===s.contentWindow&&(s.removeAttribute(\"style\"),\"height\"===t.message?(1e3<(r=parseInt(t.value,10))?r=1e3:~~r<200&&(r=200),s.height=r):\"link\"===t.message&&(r=new URL(s.getAttribute(\"src\")),n=new URL(t.value),c.test(n.protocol))&&n.host===r.host&&l.activeElement===s&&(d.top.location.href=t.value))}},d.addEventListener(\"message\",d.wp.receiveEmbedMessage,!1),l.addEventListener(\"DOMContentLoaded\",function(){for(var e,t,s=l.querySelectorAll(\"iframe.wp-embedded-content\"),r=0;r<s.length;r++)(t=(e=s[r]).getAttribute(\"data-secret\"))||(t=Math.random().toString(36).substring(2,12),e.src+=\"#?secret=\"+t,e.setAttribute(\"data-secret\",t)),e.contentWindow.postMessage({message:\"ready\",secret:t},\"*\")},!1)))}(window,document);\n\/\/# sourceURL=https:\/\/21panorama.com\/wp-includes\/js\/wp-embed.min.js\n\/* ]]> *\/\n<\/script>\n","thumbnail_url":"https:\/\/21panorama.com\/wp-content\/uploads\/2022\/06\/57536135-f542-4c5f-a912-572d6d71fea8.jpeg","thumbnail_width":960,"thumbnail_height":640,"description":"El Diputado Federal Gustavo C\u00e1rdenas Monroy asisti\u00f3 a la reapertura de la Cl\u00ednica Rural del IMSS en Santa Mar\u00eda Endare, en donde agradeci\u00f3 al Presidente Municipal Jes\u00fas Cedillo Gonz\u00e1lez, al Diputado Local Iv\u00e1n Esquer Cruz, al Secretario de Salud del Estado de M\u00e9xico, Francisco Javier Fern\u00e1ndez Clamont y de la Titular del IMSS Bienestar Dra. Miranda Aguilar Patraca la invitaci\u00f3n para dar inicio a los trabajos."}