{"version":"1.0","provider_name":"21 Panorama","provider_url":"https:\/\/21panorama.com","author_name":"admin","author_url":"https:\/\/21panorama.com\/index.php\/author\/admin\/","title":"DEFENDER\u00c1 PRI PRESUPUESTO: S\u00c1MANO - 21 Panorama","type":"rich","width":600,"height":338,"html":"<blockquote class=\"wp-embedded-content\" data-secret=\"SgzB2htvL5\"><a href=\"https:\/\/21panorama.com\/index.php\/2021\/09\/20\/defendera-pri-presupuesto-samano\/\">DEFENDER\u00c1 PRI PRESUPUESTO: S\u00c1MANO<\/a><\/blockquote><iframe sandbox=\"allow-scripts\" security=\"restricted\" src=\"https:\/\/21panorama.com\/index.php\/2021\/09\/20\/defendera-pri-presupuesto-samano\/embed\/#?secret=SgzB2htvL5\" width=\"600\" height=\"338\" title=\"&#8220;DEFENDER\u00c1 PRI PRESUPUESTO: S\u00c1MANO&#8221; &#8212; 21 Panorama\" data-secret=\"SgzB2htvL5\" frameborder=\"0\" marginwidth=\"0\" marginheight=\"0\" scrolling=\"no\" class=\"wp-embedded-content\"><\/iframe><script type=\"text\/javascript\">\n\/* <![CDATA[ *\/\n\/*! This file is auto-generated *\/\n!function(d,l){\"use strict\";l.querySelector&&d.addEventListener&&\"undefined\"!=typeof URL&&(d.wp=d.wp||{},d.wp.receiveEmbedMessage||(d.wp.receiveEmbedMessage=function(e){var t=e.data;if((t||t.secret||t.message||t.value)&&!\/[^a-zA-Z0-9]\/.test(t.secret)){for(var s,r,n,a=l.querySelectorAll('iframe[data-secret=\"'+t.secret+'\"]'),o=l.querySelectorAll('blockquote[data-secret=\"'+t.secret+'\"]'),c=new RegExp(\"^https?:$\",\"i\"),i=0;i<o.length;i++)o[i].style.display=\"none\";for(i=0;i<a.length;i++)s=a[i],e.source===s.contentWindow&&(s.removeAttribute(\"style\"),\"height\"===t.message?(1e3<(r=parseInt(t.value,10))?r=1e3:~~r<200&&(r=200),s.height=r):\"link\"===t.message&&(r=new URL(s.getAttribute(\"src\")),n=new URL(t.value),c.test(n.protocol))&&n.host===r.host&&l.activeElement===s&&(d.top.location.href=t.value))}},d.addEventListener(\"message\",d.wp.receiveEmbedMessage,!1),l.addEventListener(\"DOMContentLoaded\",function(){for(var e,t,s=l.querySelectorAll(\"iframe.wp-embedded-content\"),r=0;r<s.length;r++)(t=(e=s[r]).getAttribute(\"data-secret\"))||(t=Math.random().toString(36).substring(2,12),e.src+=\"#?secret=\"+t,e.setAttribute(\"data-secret\",t)),e.contentWindow.postMessage({message:\"ready\",secret:t},\"*\")},!1)))}(window,document);\n\/\/# sourceURL=https:\/\/21panorama.com\/wp-includes\/js\/wp-embed.min.js\n\/* ]]> *\/\n<\/script>\n","thumbnail_url":"https:\/\/21panorama.com\/wp-content\/uploads\/2021\/11\/b3651a8b-adc2-446a-8060-9e0ef03de30b.jpeg","thumbnail_width":960,"thumbnail_height":640,"description":"El coordinador de la bancada pri\u00edsta del Estado de M\u00e9xico, Miguel S\u00e1mano Peralta, respald\u00f3 la postura de su partido para defender desde la C\u00e1mara de Diputados un presupuesto que atienda las necesidades de la poblaci\u00f3n y que resuelva de ra\u00edz los problemas que enfrenta el pa\u00eds."}