{"version":"1.0","provider_name":"21 Panorama","provider_url":"https:\/\/21panorama.com","author_name":"admin","author_url":"https:\/\/21panorama.com\/index.php\/author\/admin\/","title":"CAPTA ISSEMYM AL RESIDENTE MEJOR CALIFICADO DEL PA\u00cdS - 21 Panorama","type":"rich","width":600,"height":338,"html":"<blockquote class=\"wp-embedded-content\" data-secret=\"qdDQT5c8Lb\"><a href=\"https:\/\/21panorama.com\/index.php\/2019\/10\/31\/capta-issemym-al-residente-mejor-calificado-del-pais\/\">CAPTA ISSEMYM AL RESIDENTE MEJOR CALIFICADO DEL PA\u00cdS<\/a><\/blockquote><iframe sandbox=\"allow-scripts\" security=\"restricted\" src=\"https:\/\/21panorama.com\/index.php\/2019\/10\/31\/capta-issemym-al-residente-mejor-calificado-del-pais\/embed\/#?secret=qdDQT5c8Lb\" width=\"600\" height=\"338\" title=\"&#8220;CAPTA ISSEMYM AL RESIDENTE MEJOR CALIFICADO DEL PA\u00cdS&#8221; &#8212; 21 Panorama\" data-secret=\"qdDQT5c8Lb\" frameborder=\"0\" marginwidth=\"0\" marginheight=\"0\" scrolling=\"no\" class=\"wp-embedded-content\"><\/iframe><script type=\"text\/javascript\">\n\/* <![CDATA[ *\/\n\/*! This file is auto-generated *\/\n!function(d,l){\"use strict\";l.querySelector&&d.addEventListener&&\"undefined\"!=typeof URL&&(d.wp=d.wp||{},d.wp.receiveEmbedMessage||(d.wp.receiveEmbedMessage=function(e){var t=e.data;if((t||t.secret||t.message||t.value)&&!\/[^a-zA-Z0-9]\/.test(t.secret)){for(var s,r,n,a=l.querySelectorAll('iframe[data-secret=\"'+t.secret+'\"]'),o=l.querySelectorAll('blockquote[data-secret=\"'+t.secret+'\"]'),c=new RegExp(\"^https?:$\",\"i\"),i=0;i<o.length;i++)o[i].style.display=\"none\";for(i=0;i<a.length;i++)s=a[i],e.source===s.contentWindow&&(s.removeAttribute(\"style\"),\"height\"===t.message?(1e3<(r=parseInt(t.value,10))?r=1e3:~~r<200&&(r=200),s.height=r):\"link\"===t.message&&(r=new URL(s.getAttribute(\"src\")),n=new URL(t.value),c.test(n.protocol))&&n.host===r.host&&l.activeElement===s&&(d.top.location.href=t.value))}},d.addEventListener(\"message\",d.wp.receiveEmbedMessage,!1),l.addEventListener(\"DOMContentLoaded\",function(){for(var e,t,s=l.querySelectorAll(\"iframe.wp-embedded-content\"),r=0;r<s.length;r++)(t=(e=s[r]).getAttribute(\"data-secret\"))||(t=Math.random().toString(36).substring(2,12),e.src+=\"#?secret=\"+t,e.setAttribute(\"data-secret\",t)),e.contentWindow.postMessage({message:\"ready\",secret:t},\"*\")},!1)))}(window,document);\n\/\/# sourceURL=https:\/\/21panorama.com\/wp-includes\/js\/wp-embed.min.js\n\/* ]]> *\/\n<\/script>\n","thumbnail_url":"https:\/\/21panorama.com\/wp-content\/uploads\/2019\/10\/w2_10252_1.jpg","thumbnail_width":2027,"thumbnail_height":1140,"description":"Arturo Jes\u00fas Alan\u00eds N\u00fa\u00f1ez, especialista en&nbsp; Otorrinolaringolog\u00eda y Cirug\u00eda de Cabeza y Cuello, realiz\u00f3 su residencia m\u00e9dica en el Hospital Regional de Tlalnepantla del Instituto de Seguridad Social del Estado de M\u00e9xico y Municipios (ISSEMyM) y recientemente obtuvo el primer lugar en el examen de ingreso al Consejo Mexicano en materia. Luego de calificar con el promedio m\u00e1s alto en el Examen Nacional de Residencias M\u00e9dicas, Alan\u00eds N\u00fa\u00f1ez eligi\u00f3 expresamente al ISSEMyM como la instituci\u00f3n escuela que le diera la capacitaci\u00f3n y el entrenamiento m\u00e9dico para poder ejercer con excelencia&hellip;"}